{"id":8704,"date":"2025-06-12T15:26:10","date_gmt":"2025-06-12T13:26:10","guid":{"rendered":"https:\/\/www.capoalpianoelba.it\/la-nostra-storia\/"},"modified":"2025-06-24T11:35:32","modified_gmt":"2025-06-24T09:35:32","slug":"unsere-geschichte","status":"publish","type":"page","link":"https:\/\/www.capoalpianoelba.it\/de\/unsere-geschichte\/","title":{"rendered":"Unsere Geschichte"},"content":{"rendered":"\t\t<div data-elementor-type=\"wp-page\" data-elementor-id=\"8704\" class=\"elementor elementor-8704 elementor-7572\">\n\t\t\t\t<div class=\"elementor-element elementor-element-12eb306 e-flex e-con-boxed e-con e-parent\" data-id=\"12eb306\" data-element_type=\"container\" data-settings=\"{&quot;background_background&quot;:&quot;classic&quot;}\">\n\t\t\t\t\t<div class=\"e-con-inner\">\n\t\t\t\t<div class=\"elementor-element elementor-element-5da0b28 animated-fast elementor-invisible elementor-widget elementor-widget-heading\" data-id=\"5da0b28\" data-element_type=\"widget\" data-settings=\"{&quot;_animation&quot;:&quot;opal-move-up&quot;}\" data-widget_type=\"heading.default\">\n\t\t\t\t<div class=\"elementor-widget-container\">\n\t\t\t\t\t<h1 class=\"elementor-heading-title elementor-size-default\">Unsere Geschichte<\/h1>\t\t\t\t<\/div>\n\t\t\t\t<\/div>\n\t\t\t\t<div class=\"elementor-element elementor-element-b0dcedf animated-fast elementor-invisible elementor-widget elementor-widget-text-editor\" data-id=\"b0dcedf\" data-element_type=\"widget\" data-settings=\"{&quot;_animation&quot;:&quot;opal-move-up&quot;,&quot;_animation_delay&quot;:300}\" data-widget_type=\"text-editor.default\">\n\t\t\t\t<div class=\"elementor-widget-container\">\n\t\t\t\t\t\t\t\t\tVom Familienrestaurant zum heutigen B&#038;B\t\t\t\t\t\t\t\t<\/div>\n\t\t\t\t<\/div>\n\t\t\t\t\t<\/div>\n\t\t\t\t<\/div>\n\t\t                <div class=\"custom-elementor-parallax\" data-id=\"12eb306\" data-settings=\"{&quot;type&quot;:&quot;scroll&quot;,&quot;speed&quot;:&quot;1.2&quot;,&quot;keepImg&quot;:&quot;true&quot;,&quot;imgSize&quot;:&quot;cover&quot;,&quot;imgPosition&quot;:&quot;50% 0%&quot;,&quot;noAndroid&quot;:&quot;false&quot;,&quot;noIos&quot;:&quot;false&quot;}\"><\/div>\n            <div class=\"elementor-element elementor-element-32601e6 e-flex e-con-boxed e-con e-parent\" data-id=\"32601e6\" data-element_type=\"container\">\n\t\t\t\t\t<div class=\"e-con-inner\">\n\t\t<div class=\"elementor-element elementor-element-971e522 e-con-full e-flex e-con e-child\" data-id=\"971e522\" data-element_type=\"container\">\n\t\t\t\t<div class=\"elementor-element elementor-element-46f1254 elementor-widget elementor-widget-heading\" data-id=\"46f1254\" data-element_type=\"widget\" data-widget_type=\"heading.default\">\n\t\t\t\t<div class=\"elementor-widget-container\">\n\t\t\t\t\t<div class=\"elementor-heading-title elementor-size-default\">Ein Ort der Erinnerung, W\u00e4rme und Herzlichkeit<\/div>\t\t\t\t<\/div>\n\t\t\t\t<\/div>\n\t\t\t\t<div class=\"elementor-element elementor-element-ea586af elementor-widget elementor-widget-heading\" data-id=\"ea586af\" data-element_type=\"widget\" data-widget_type=\"heading.default\">\n\t\t\t\t<div class=\"elementor-widget-container\">\n\t\t\t\t\t<h2 class=\"elementor-heading-title elementor-size-default\">Eine Geschichte von Tradition und Gastfreundschaft<\/h2>\t\t\t\t<\/div>\n\t\t\t\t<\/div>\n\t\t\t\t<div class=\"elementor-element elementor-element-87ed659 elementor-widget elementor-widget-text-editor\" data-id=\"87ed659\" data-element_type=\"widget\" data-widget_type=\"text-editor.default\">\n\t\t\t\t<div class=\"elementor-widget-container\">\n\t\t\t\t\t\t\t\t\t<p>Im Jahr 1974 er\u00f6ffneten meine Gro\u00dfeltern, Anna und Benedetto, das \u201eRistorante Capo al Piano\u201c, das sich im Laufe der Jahre zu einer festen Anlaufstelle f\u00fcr Gastfreundschaft und gute K\u00fcche in Marciana Marina entwickelte. Die hausgemachten Gerichte von Nonna Anna, zubereitet mit Zutaten aus der Region, kombiniert mit der Herzlichkeit und den Scherzen in elbanischem Dialekt von Nonno Benedetto, machten das Restaurant \u00fcber zwanzig Jahre lang erfolgreich.<\/p><p>Nach mehreren P\u00e4chterwechseln verstarben Anna und Benedetto im Jahr 2014. Seitdem suchte meine Familie nach einer M\u00f6glichkeit, den emotionalen und symbolischen Wert dieses Ortes zu bewahren \u2013 ein Ort, der so wichtig f\u00fcr die Gemeinde und die Geschichte des Dorfes ist.<\/p><p>Das Haus der Gro\u00dfeltern wurde zum Familienhaus und gemeinsam mit den R\u00e4umlichkeiten des ehemaligen Restaurants, nach einer sorgf\u00e4ltigen Renovierung, entstand im Jahr 2019 das B&amp;B Capo al Piano. Ein Projekt, das mit Stolz den urspr\u00fcnglichen Namen tr\u00e4gt \u2013 als Hommage an Anna und Benedetto \u2013 und heute mit Herzlichkeit alle G\u00e4ste empf\u00e4ngt, die sich f\u00fcr einen Aufenthalt in Marciana Marina entscheiden.<\/p>\t\t\t\t\t\t\t\t<\/div>\n\t\t\t\t<\/div>\n\t\t\t\t<\/div>\n\t\t<div class=\"elementor-element elementor-element-faed9ab e-con-full e-flex e-con e-child\" data-id=\"faed9ab\" data-element_type=\"container\">\n\t\t\t\t<div class=\"elementor-element elementor-element-a39a119 elementor-widget elementor-widget-image\" data-id=\"a39a119\" data-element_type=\"widget\" data-widget_type=\"image.default\">\n\t\t\t\t<div class=\"elementor-widget-container\">\n\t\t\t\t\t\t\t\t\t\t\t\t\t\t\t<img fetchpriority=\"high\" decoding=\"async\" width=\"550\" height=\"630\" src=\"https:\/\/www.capoalpianoelba.it\/wp-content\/uploads\/2025\/06\/anna-benedetto.jpg\" class=\"attachment-full size-full wp-image-8193\" alt=\"\" srcset=\"https:\/\/www.capoalpianoelba.it\/wp-content\/uploads\/2025\/06\/anna-benedetto.jpg 550w, https:\/\/www.capoalpianoelba.it\/wp-content\/uploads\/2025\/06\/anna-benedetto-262x300.jpg 262w\" sizes=\"(max-width: 550px) 100vw, 550px\" \/>\t\t\t\t\t\t\t\t\t\t\t\t\t\t\t<\/div>\n\t\t\t\t<\/div>\n\t\t\t\t<\/div>\n\t\t\t\t\t<\/div>\n\t\t\t\t<\/div>\n\t\t<div class=\"elementor-element elementor-element-34f120b e-con-full e-flex e-con e-parent\" data-id=\"34f120b\" data-element_type=\"container\">\n\t\t\t\t<div class=\"elementor-element elementor-element-ba2ef33 overflow-to-none elementor-pagination-position-outside elementor-widget elementor-widget-amoja-imgbox-carousel\" data-id=\"ba2ef33\" data-element_type=\"widget\" data-settings=\"{&quot;slides_to_show&quot;:&quot;2.5&quot;,&quot;slides_to_show_tablet&quot;:&quot;1.3&quot;,&quot;infinite&quot;:&quot;no&quot;,&quot;slides_to_show_tablet_extra&quot;:&quot;1.3&quot;,&quot;spaceBetween_tablet_extra&quot;:{&quot;unit&quot;:&quot;px&quot;,&quot;size&quot;:5,&quot;sizes&quot;:[]},&quot;spaceBetween_mobile_extra&quot;:{&quot;unit&quot;:&quot;px&quot;,&quot;size&quot;:5,&quot;sizes&quot;:[]},&quot;navigation&quot;:&quot;dots&quot;,&quot;slides_to_show_mobile_extra&quot;:&quot;1&quot;,&quot;spaceBetween&quot;:{&quot;unit&quot;:&quot;px&quot;,&quot;size&quot;:5,&quot;sizes&quot;:[]},&quot;spaceBetween_mobile&quot;:{&quot;unit&quot;:&quot;px&quot;,&quot;size&quot;:1,&quot;sizes&quot;:[]},&quot;autoplay&quot;:&quot;no&quot;,&quot;spaceBetween_laptop&quot;:{&quot;unit&quot;:&quot;px&quot;,&quot;size&quot;:&quot;&quot;,&quot;sizes&quot;:[]},&quot;spaceBetween_tablet&quot;:{&quot;unit&quot;:&quot;px&quot;,&quot;size&quot;:&quot;&quot;,&quot;sizes&quot;:[]},&quot;swiper_overflow&quot;:&quot;none&quot;,&quot;enable_scrollbar&quot;:&quot;no&quot;,&quot;speed&quot;:500}\" data-widget_type=\"amoja-imgbox-carousel.default\">\n\t\t\t\t<div class=\"elementor-widget-container\">\n\t\t\t\t\t\n            <div class=\"elementor-imgbox-item-wrapper amoja-swiper swiper \" dir=\"ltr\">\n                <div class=\"alignment-left layout-4 swiper-wrapper\">\n                                            <div class=\"grid-item swiper-slide elementor-imgbox-item\">\n                            <div class=\"elementor-imgbox-wrapper elementor-repeater-item-012774a\">\n                                <div class=\"elementer-imgbox-inner\">\n                                                                                        <div class=\"box-image\">\n                <a href=\"#\">\n                    <img decoding=\"async\" width=\"1920\" height=\"1366\" src=\"https:\/\/www.capoalpianoelba.it\/wp-content\/uploads\/2025\/06\/anna-benedetto2.jpg\" class=\"attachment-full size-full wp-image-7592\" alt=\"\" srcset=\"https:\/\/www.capoalpianoelba.it\/wp-content\/uploads\/2025\/06\/anna-benedetto2.jpg 1920w, https:\/\/www.capoalpianoelba.it\/wp-content\/uploads\/2025\/06\/anna-benedetto2-300x213.jpg 300w, https:\/\/www.capoalpianoelba.it\/wp-content\/uploads\/2025\/06\/anna-benedetto2-1024x729.jpg 1024w, https:\/\/www.capoalpianoelba.it\/wp-content\/uploads\/2025\/06\/anna-benedetto2-768x546.jpg 768w, https:\/\/www.capoalpianoelba.it\/wp-content\/uploads\/2025\/06\/anna-benedetto2-1536x1093.jpg 1536w\" sizes=\"(max-width: 1920px) 100vw, 1920px\" \/>                <\/a>\n            <\/div>\n                                                                                <div class=\"elementor-icon-box-content elementor-button-type-outline elementor-widget-amoja-button\">\n                                                                                                                            <div class=\"elementor-imgbox-subtitle\">1974                                                                                           <\/div>\n                                                                                \n                                        <div class=\"imgbox-meta\">\n                                                                                            <p class=\"elementor-imgbox-desc\">Anna und Benedetto er\u00f6ffnen das \u201eRistorante Capo al Piano\u201c<\/p>\n                                                                                                                                <\/div>\n                                    <\/div>\n                                <\/div>\n                            <\/div>\n                        <\/div>\n                                            <div class=\"grid-item swiper-slide elementor-imgbox-item\">\n                            <div class=\"elementor-imgbox-wrapper elementor-repeater-item-def8fba\">\n                                <div class=\"elementer-imgbox-inner\">\n                                                                                        <div class=\"box-image\">\n                <a href=\"#\">\n                    <img decoding=\"async\" width=\"1920\" height=\"1395\" src=\"https:\/\/www.capoalpianoelba.it\/wp-content\/uploads\/2025\/06\/patio-ristorante-capo-al-piano.jpg\" class=\"attachment-full size-full wp-image-7593\" alt=\"Immagine storica del Ristorante Capo al Piano\" srcset=\"https:\/\/www.capoalpianoelba.it\/wp-content\/uploads\/2025\/06\/patio-ristorante-capo-al-piano.jpg 1920w, https:\/\/www.capoalpianoelba.it\/wp-content\/uploads\/2025\/06\/patio-ristorante-capo-al-piano-300x218.jpg 300w, https:\/\/www.capoalpianoelba.it\/wp-content\/uploads\/2025\/06\/patio-ristorante-capo-al-piano-1024x744.jpg 1024w, https:\/\/www.capoalpianoelba.it\/wp-content\/uploads\/2025\/06\/patio-ristorante-capo-al-piano-768x558.jpg 768w, https:\/\/www.capoalpianoelba.it\/wp-content\/uploads\/2025\/06\/patio-ristorante-capo-al-piano-1536x1116.jpg 1536w\" sizes=\"(max-width: 1920px) 100vw, 1920px\" \/>                <\/a>\n            <\/div>\n                                                                                <div class=\"elementor-icon-box-content elementor-button-type-outline elementor-widget-amoja-button\">\n                                                                                                                        \n                                        <div class=\"imgbox-meta\">\n                                                                                                                                <\/div>\n                                    <\/div>\n                                <\/div>\n                            <\/div>\n                        <\/div>\n                                            <div class=\"grid-item swiper-slide elementor-imgbox-item\">\n                            <div class=\"elementor-imgbox-wrapper elementor-repeater-item-d4dab60\">\n                                <div class=\"elementer-imgbox-inner\">\n                                                                                        <div class=\"box-image\">\n                <a href=\"#\">\n                    <img loading=\"lazy\" decoding=\"async\" width=\"1920\" height=\"1313\" src=\"https:\/\/www.capoalpianoelba.it\/wp-content\/uploads\/2025\/06\/ristorante-capo-al-piano.jpg\" class=\"attachment-full size-full wp-image-7594\" alt=\"Immagine storica del Ristorante Capo al Piano\" srcset=\"https:\/\/www.capoalpianoelba.it\/wp-content\/uploads\/2025\/06\/ristorante-capo-al-piano.jpg 1920w, https:\/\/www.capoalpianoelba.it\/wp-content\/uploads\/2025\/06\/ristorante-capo-al-piano-300x205.jpg 300w, https:\/\/www.capoalpianoelba.it\/wp-content\/uploads\/2025\/06\/ristorante-capo-al-piano-1024x700.jpg 1024w, https:\/\/www.capoalpianoelba.it\/wp-content\/uploads\/2025\/06\/ristorante-capo-al-piano-768x525.jpg 768w, https:\/\/www.capoalpianoelba.it\/wp-content\/uploads\/2025\/06\/ristorante-capo-al-piano-1536x1050.jpg 1536w\" sizes=\"(max-width: 1920px) 100vw, 1920px\" \/>                <\/a>\n            <\/div>\n                                                                                <div class=\"elementor-icon-box-content elementor-button-type-outline elementor-widget-amoja-button\">\n                                                                                                                            <div class=\"elementor-imgbox-subtitle\">1980er\u20131990er Jahre                                                                                           <\/div>\n                                                                                \n                                        <div class=\"imgbox-meta\">\n                                                                                            <p class=\"elementor-imgbox-desc\">Das Restaurant gewinnt eine treue Stammkundschaft<\/p>\n                                                                                                                                <\/div>\n                                    <\/div>\n                                <\/div>\n                            <\/div>\n                        <\/div>\n                                            <div class=\"grid-item swiper-slide elementor-imgbox-item\">\n                            <div class=\"elementor-imgbox-wrapper elementor-repeater-item-f07b52d\">\n                                <div class=\"elementer-imgbox-inner\">\n                                                                                        <div class=\"box-image\">\n                <a href=\"#\">\n                    <img loading=\"lazy\" decoding=\"async\" width=\"1920\" height=\"1375\" src=\"https:\/\/www.capoalpianoelba.it\/wp-content\/uploads\/2025\/06\/anna-daniele.jpg\" class=\"attachment-full size-full wp-image-7604\" alt=\"\" srcset=\"https:\/\/www.capoalpianoelba.it\/wp-content\/uploads\/2025\/06\/anna-daniele.jpg 1920w, https:\/\/www.capoalpianoelba.it\/wp-content\/uploads\/2025\/06\/anna-daniele-300x215.jpg 300w, https:\/\/www.capoalpianoelba.it\/wp-content\/uploads\/2025\/06\/anna-daniele-1024x733.jpg 1024w, https:\/\/www.capoalpianoelba.it\/wp-content\/uploads\/2025\/06\/anna-daniele-768x550.jpg 768w, https:\/\/www.capoalpianoelba.it\/wp-content\/uploads\/2025\/06\/anna-daniele-1536x1100.jpg 1536w\" sizes=\"(max-width: 1920px) 100vw, 1920px\" \/>                <\/a>\n            <\/div>\n                                                                                <div class=\"elementor-icon-box-content elementor-button-type-outline elementor-widget-amoja-button\">\n                                                                                                                            <div class=\"elementor-imgbox-subtitle\">1980er\u20131990er Jahre                                                                                           <\/div>\n                                                                                \n                                        <div class=\"imgbox-meta\">\n                                                                                            <p class=\"elementor-imgbox-desc\">Das Restaurant wird zu einem Bezugspunkt f\u00fcr Gastfreundschaft und Gastronomie<\/p>\n                                                                                                                                <\/div>\n                                    <\/div>\n                                <\/div>\n                            <\/div>\n                        <\/div>\n                                            <div class=\"grid-item swiper-slide elementor-imgbox-item\">\n                            <div class=\"elementor-imgbox-wrapper elementor-repeater-item-7199732\">\n                                <div class=\"elementer-imgbox-inner\">\n                                                                                        <div class=\"box-image\">\n                <a href=\"#\">\n                    <img loading=\"lazy\" decoding=\"async\" width=\"1920\" height=\"1362\" src=\"https:\/\/www.capoalpianoelba.it\/wp-content\/uploads\/2025\/06\/daniele.jpg\" class=\"attachment-full size-full wp-image-7603\" alt=\"\" srcset=\"https:\/\/www.capoalpianoelba.it\/wp-content\/uploads\/2025\/06\/daniele.jpg 1920w, https:\/\/www.capoalpianoelba.it\/wp-content\/uploads\/2025\/06\/daniele-300x213.jpg 300w, https:\/\/www.capoalpianoelba.it\/wp-content\/uploads\/2025\/06\/daniele-1024x726.jpg 1024w, https:\/\/www.capoalpianoelba.it\/wp-content\/uploads\/2025\/06\/daniele-768x545.jpg 768w, https:\/\/www.capoalpianoelba.it\/wp-content\/uploads\/2025\/06\/daniele-1536x1090.jpg 1536w\" sizes=\"(max-width: 1920px) 100vw, 1920px\" \/>                <\/a>\n            <\/div>\n                                                                                <div class=\"elementor-icon-box-content elementor-button-type-outline elementor-widget-amoja-button\">\n                                                                                                                        \n                                        <div class=\"imgbox-meta\">\n                                                                                                                                <\/div>\n                                    <\/div>\n                                <\/div>\n                            <\/div>\n                        <\/div>\n                                            <div class=\"grid-item swiper-slide elementor-imgbox-item\">\n                            <div class=\"elementor-imgbox-wrapper elementor-repeater-item-08db9ac\">\n                                <div class=\"elementer-imgbox-inner\">\n                                                                                        <div class=\"box-image\">\n                <a href=\"#\">\n                    <img loading=\"lazy\" decoding=\"async\" width=\"1920\" height=\"1388\" src=\"https:\/\/www.capoalpianoelba.it\/wp-content\/uploads\/2025\/06\/cucina-ristorante-capo-al-piano.jpg\" class=\"attachment-full size-full wp-image-7595\" alt=\"Immagine storica del Ristorante Capo al Piano\" srcset=\"https:\/\/www.capoalpianoelba.it\/wp-content\/uploads\/2025\/06\/cucina-ristorante-capo-al-piano.jpg 1920w, https:\/\/www.capoalpianoelba.it\/wp-content\/uploads\/2025\/06\/cucina-ristorante-capo-al-piano-300x217.jpg 300w, https:\/\/www.capoalpianoelba.it\/wp-content\/uploads\/2025\/06\/cucina-ristorante-capo-al-piano-1024x740.jpg 1024w, https:\/\/www.capoalpianoelba.it\/wp-content\/uploads\/2025\/06\/cucina-ristorante-capo-al-piano-768x555.jpg 768w, https:\/\/www.capoalpianoelba.it\/wp-content\/uploads\/2025\/06\/cucina-ristorante-capo-al-piano-1536x1110.jpg 1536w\" sizes=\"(max-width: 1920px) 100vw, 1920px\" \/>                <\/a>\n            <\/div>\n                                                                                <div class=\"elementor-icon-box-content elementor-button-type-outline elementor-widget-amoja-button\">\n                                                                                                                            <div class=\"elementor-imgbox-subtitle\">2014                                                                                           <\/div>\n                                                                                \n                                        <div class=\"imgbox-meta\">\n                                                                                            <p class=\"elementor-imgbox-desc\">Mehrere Betreiber \u00fcbernehmen das Lokal. 2014 nehmen wir Abschied von Anna und Benedetto<\/p>\n                                                                                                                                <\/div>\n                                    <\/div>\n                                <\/div>\n                            <\/div>\n                        <\/div>\n                                            <div class=\"grid-item swiper-slide elementor-imgbox-item\">\n                            <div class=\"elementor-imgbox-wrapper elementor-repeater-item-dc03e56\">\n                                <div class=\"elementer-imgbox-inner\">\n                                                                                        <div class=\"box-image\">\n                <a href=\"#\">\n                    <img loading=\"lazy\" decoding=\"async\" width=\"1920\" height=\"1280\" src=\"https:\/\/www.capoalpianoelba.it\/wp-content\/uploads\/2025\/06\/capo-al-piano-bb_00005.jpg\" class=\"attachment-full size-full wp-image-6386\" alt=\"Bed and Breakfast Capo al Piano\" srcset=\"https:\/\/www.capoalpianoelba.it\/wp-content\/uploads\/2025\/06\/capo-al-piano-bb_00005.jpg 1920w, https:\/\/www.capoalpianoelba.it\/wp-content\/uploads\/2025\/06\/capo-al-piano-bb_00005-300x200.jpg 300w, https:\/\/www.capoalpianoelba.it\/wp-content\/uploads\/2025\/06\/capo-al-piano-bb_00005-1024x683.jpg 1024w, https:\/\/www.capoalpianoelba.it\/wp-content\/uploads\/2025\/06\/capo-al-piano-bb_00005-768x512.jpg 768w, https:\/\/www.capoalpianoelba.it\/wp-content\/uploads\/2025\/06\/capo-al-piano-bb_00005-1536x1024.jpg 1536w\" sizes=\"(max-width: 1920px) 100vw, 1920px\" \/>                <\/a>\n            <\/div>\n                                                                                <div class=\"elementor-icon-box-content elementor-button-type-outline elementor-widget-amoja-button\">\n                                                                                                                            <div class=\"elementor-imgbox-subtitle\">2019                                                                                           <\/div>\n                                                                                \n                                        <div class=\"imgbox-meta\">\n                                                                                            <p class=\"elementor-imgbox-desc\">Nach einer umfassenden Renovierung werden das Gro\u00dfelternhaus und die R\u00e4umlichkeiten des Restaurants zum B&B Capo al Piano<\/p>\n                                                                                                                                <\/div>\n                                    <\/div>\n                                <\/div>\n                            <\/div>\n                        <\/div>\n                                    <\/div>\n            <\/div>\n                        <div class=\"swiper-pagination\"><\/div>\n                            \t\t\t\t<\/div>\n\t\t\t\t<\/div>\n\t\t\t\t<\/div>\n\t\t\t\t<\/div>\n\t\t","protected":false},"excerpt":{"rendered":"<p>Unsere Geschichte Vom Familienrestaurant zum heutigen B&#038;B Ein Ort der Erinnerung, W\u00e4rme und Herzlichkeit Eine Geschichte von Tradition und Gastfreundschaft Im Jahr 1974 er\u00f6ffneten meine Gro\u00dfeltern, Anna und Benedetto, das \u201eRistorante Capo al Piano\u201c, das sich im Laufe der Jahre zu einer festen Anlaufstelle f\u00fcr Gastfreundschaft und gute K\u00fcche in Marciana Marina entwickelte. Die hausgemachten [&hellip;]<\/p>\n","protected":false},"author":2,"featured_media":0,"parent":0,"menu_order":0,"comment_status":"closed","ping_status":"closed","template":"","meta":{"inline_featured_image":false,"footnotes":""},"class_list":["post-8704","page","type-page","status-publish","hentry"],"_links":{"self":[{"href":"https:\/\/www.capoalpianoelba.it\/de\/wp-json\/wp\/v2\/pages\/8704","targetHints":{"allow":["GET"]}}],"collection":[{"href":"https:\/\/www.capoalpianoelba.it\/de\/wp-json\/wp\/v2\/pages"}],"about":[{"href":"https:\/\/www.capoalpianoelba.it\/de\/wp-json\/wp\/v2\/types\/page"}],"author":[{"embeddable":true,"href":"https:\/\/www.capoalpianoelba.it\/de\/wp-json\/wp\/v2\/users\/2"}],"replies":[{"embeddable":true,"href":"https:\/\/www.capoalpianoelba.it\/de\/wp-json\/wp\/v2\/comments?post=8704"}],"version-history":[{"count":5,"href":"https:\/\/www.capoalpianoelba.it\/de\/wp-json\/wp\/v2\/pages\/8704\/revisions"}],"predecessor-version":[{"id":9134,"href":"https:\/\/www.capoalpianoelba.it\/de\/wp-json\/wp\/v2\/pages\/8704\/revisions\/9134"}],"wp:attachment":[{"href":"https:\/\/www.capoalpianoelba.it\/de\/wp-json\/wp\/v2\/media?parent=8704"}],"curies":[{"name":"wp","href":"https:\/\/api.w.org\/{rel}","templated":true}]}}