{"id":8593,"date":"2025-06-11T11:12:34","date_gmt":"2025-06-11T09:12:34","guid":{"rendered":"https:\/\/www.capoalpianoelba.it\/la-colazione\/"},"modified":"2025-06-19T16:02:50","modified_gmt":"2025-06-19T14:02:50","slug":"fruhstuck","status":"publish","type":"page","link":"https:\/\/www.capoalpianoelba.it\/de\/fruhstuck\/","title":{"rendered":"Fr\u00fchst\u00fcck"},"content":{"rendered":"\t\t<div data-elementor-type=\"wp-page\" data-elementor-id=\"8593\" class=\"elementor elementor-8593 elementor-7069\">\n\t\t\t\t<div class=\"elementor-element elementor-element-12eb306 e-flex e-con-boxed e-con e-parent\" data-id=\"12eb306\" data-element_type=\"container\" data-settings=\"{&quot;background_background&quot;:&quot;classic&quot;}\">\n\t\t\t\t\t<div class=\"e-con-inner\">\n\t\t\t\t<div class=\"elementor-element elementor-element-5da0b28 animated-fast elementor-invisible elementor-widget elementor-widget-heading\" data-id=\"5da0b28\" data-element_type=\"widget\" data-settings=\"{&quot;_animation&quot;:&quot;opal-move-up&quot;}\" data-widget_type=\"heading.default\">\n\t\t\t\t<div class=\"elementor-widget-container\">\n\t\t\t\t\t<h1 class=\"elementor-heading-title elementor-size-default\">Fruehstueck<\/h1>\t\t\t\t<\/div>\n\t\t\t\t<\/div>\n\t\t\t\t<div class=\"elementor-element elementor-element-b0dcedf animated-fast elementor-invisible elementor-widget elementor-widget-text-editor\" data-id=\"b0dcedf\" data-element_type=\"widget\" data-settings=\"{&quot;_animation&quot;:&quot;opal-move-up&quot;,&quot;_animation_delay&quot;:300}\" data-widget_type=\"text-editor.default\">\n\t\t\t\t<div class=\"elementor-widget-container\">\n\t\t\t\t\t\t\t\t\tHausgemachte, ehrliche Produkte aus der Region\t\t\t\t\t\t\t\t<\/div>\n\t\t\t\t<\/div>\n\t\t\t\t\t<\/div>\n\t\t\t\t<\/div>\n\t\t                <div class=\"custom-elementor-parallax\" data-id=\"12eb306\" data-settings=\"{&quot;type&quot;:&quot;scroll&quot;,&quot;speed&quot;:&quot;1.2&quot;,&quot;keepImg&quot;:&quot;true&quot;,&quot;imgSize&quot;:&quot;cover&quot;,&quot;imgPosition&quot;:&quot;50% 0%&quot;,&quot;noAndroid&quot;:&quot;false&quot;,&quot;noIos&quot;:&quot;false&quot;}\"><\/div>\n            <div class=\"elementor-element elementor-element-32601e6 e-flex e-con-boxed e-con e-parent\" data-id=\"32601e6\" data-element_type=\"container\">\n\t\t\t\t\t<div class=\"e-con-inner\">\n\t\t<div class=\"elementor-element elementor-element-971e522 e-con-full e-flex e-con e-child\" data-id=\"971e522\" data-element_type=\"container\">\n\t\t\t\t<div class=\"elementor-element elementor-element-46f1254 elementor-widget elementor-widget-heading\" data-id=\"46f1254\" data-element_type=\"widget\" data-widget_type=\"heading.default\">\n\t\t\t\t<div class=\"elementor-widget-container\">\n\t\t\t\t\t<div class=\"elementor-heading-title elementor-size-default\">Fr\u00fchst\u00fcck mit Meerblick<\/div>\t\t\t\t<\/div>\n\t\t\t\t<\/div>\n\t\t\t\t<div class=\"elementor-element elementor-element-ea586af elementor-widget elementor-widget-heading\" data-id=\"ea586af\" data-element_type=\"widget\" data-widget_type=\"heading.default\">\n\t\t\t\t<div class=\"elementor-widget-container\">\n\t\t\t\t\t<h2 class=\"elementor-heading-title elementor-size-default\">Ein perfekter Start in den Tag \u2013 mit Dueften und Geschmackserlebnissen<\/h2>\t\t\t\t<\/div>\n\t\t\t\t<\/div>\n\t\t\t\t<div class=\"elementor-element elementor-element-87ed659 elementor-widget elementor-widget-text-editor\" data-id=\"87ed659\" data-element_type=\"widget\" data-widget_type=\"text-editor.default\">\n\t\t\t\t<div class=\"elementor-widget-container\">\n\t\t\t\t\t\t\t\t\t<p>Ein perfekter Start in den Tag \u2013 mit D\u00fcften und Geschmackserlebnissen<\/p><p>Das wahre Aush\u00e4ngeschild des B&amp;B Capo al Piano ist das Fr\u00fchst\u00fcck, das jeden Morgen auf der Panorama-Veranda serviert wird \u2013 mit herrlichem Blick auf das Meer und den Garten.<\/p><p>Mit Liebe von Marilena zubereitet, ist das Fr\u00fchst\u00fcck ein echtes Genusserlebnis voller Authentizit\u00e4t. Jeden Morgen erwarten Sie hausgemachte Kuchen und S\u00fc\u00dfspeisen, Kekse, Marmeladen aus eigenem Obstgarten und frisches Obst \u2013 sorgf\u00e4ltig und kreativ zubereitet mit saisonalen Zutaten, \u00fcberwiegend aus der Region.<\/p><p>Auch Aufschnitt und K\u00e4se fehlen nicht, und auf Wunsch werden gerne Eier ganz nach Ihren Vorstellungen frisch zubereitet.<\/p>\t\t\t\t\t\t\t\t<\/div>\n\t\t\t\t<\/div>\n\t\t\t\t<div class=\"elementor-element elementor-element-ec1f27e elementor-widget elementor-widget-image\" data-id=\"ec1f27e\" data-element_type=\"widget\" data-widget_type=\"image.default\">\n\t\t\t\t<div class=\"elementor-widget-container\">\n\t\t\t\t\t\t\t\t\t\t\t\t\t\t\t<img fetchpriority=\"high\" decoding=\"async\" width=\"550\" height=\"400\" src=\"https:\/\/www.capoalpianoelba.it\/wp-content\/uploads\/2025\/06\/colazione_capo-al-piano-bb-20250530-WA0030.jpg\" class=\"attachment-full size-full wp-image-8081\" alt=\"Sala colazioni del Bed and Breakfast Capo al Piano\" srcset=\"https:\/\/www.capoalpianoelba.it\/wp-content\/uploads\/2025\/06\/colazione_capo-al-piano-bb-20250530-WA0030.jpg 550w, https:\/\/www.capoalpianoelba.it\/wp-content\/uploads\/2025\/06\/colazione_capo-al-piano-bb-20250530-WA0030-300x218.jpg 300w\" sizes=\"(max-width: 550px) 100vw, 550px\" \/>\t\t\t\t\t\t\t\t\t\t\t\t\t\t\t<\/div>\n\t\t\t\t<\/div>\n\t\t\t\t<\/div>\n\t\t<div class=\"elementor-element elementor-element-faed9ab e-con-full e-flex e-con e-child\" data-id=\"faed9ab\" data-element_type=\"container\">\n\t\t\t\t<div class=\"elementor-element elementor-element-a39a119 elementor-widget elementor-widget-image\" data-id=\"a39a119\" data-element_type=\"widget\" data-widget_type=\"image.default\">\n\t\t\t\t<div class=\"elementor-widget-container\">\n\t\t\t\t\t\t\t\t\t\t\t\t\t\t\t<img decoding=\"async\" width=\"550\" height=\"630\" src=\"https:\/\/www.capoalpianoelba.it\/wp-content\/uploads\/2025\/06\/colazione_capo-al-piano-bb-20200410_101042.jpg\" class=\"attachment-full size-full wp-image-8079\" alt=\"Pancake per colazione al B&amp;B Capo al Piano\" srcset=\"https:\/\/www.capoalpianoelba.it\/wp-content\/uploads\/2025\/06\/colazione_capo-al-piano-bb-20200410_101042.jpg 550w, https:\/\/www.capoalpianoelba.it\/wp-content\/uploads\/2025\/06\/colazione_capo-al-piano-bb-20200410_101042-262x300.jpg 262w\" sizes=\"(max-width: 550px) 100vw, 550px\" \/>\t\t\t\t\t\t\t\t\t\t\t\t\t\t\t<\/div>\n\t\t\t\t<\/div>\n\t\t\t\t<\/div>\n\t\t\t\t\t<\/div>\n\t\t\t\t<\/div>\n\t\t<div class=\"elementor-element elementor-element-68d1422 e-flex e-con-boxed e-con e-parent\" data-id=\"68d1422\" data-element_type=\"container\" data-settings=\"{&quot;background_background&quot;:&quot;classic&quot;}\">\n\t\t\t\t\t<div class=\"e-con-inner\">\n\t\t\t\t<div class=\"elementor-element elementor-element-89e1612 elementor-widget elementor-widget-text-editor\" data-id=\"89e1612\" data-element_type=\"widget\" data-widget_type=\"text-editor.default\">\n\t\t\t\t<div class=\"elementor-widget-container\">\n\t\t\t\t\t\t\t\t\tMorgendliche Verw\u00f6hnmomente\t\t\t\t\t\t\t\t<\/div>\n\t\t\t\t<\/div>\n\t\t\t\t<div class=\"elementor-element elementor-element-94b5765 elementor-widget elementor-widget-heading\" data-id=\"94b5765\" data-element_type=\"widget\" data-widget_type=\"heading.default\">\n\t\t\t\t<div class=\"elementor-widget-container\">\n\t\t\t\t\t<h2 class=\"elementor-heading-title elementor-size-default\">Ein langsames Guten-Morgen-Gef\u00fchl \u2013 ganz wie zu Hause<\/h2>\t\t\t\t<\/div>\n\t\t\t\t<\/div>\n\t\t\t\t\t<\/div>\n\t\t\t\t<\/div>\n\t\t                <div class=\"custom-elementor-parallax\" data-id=\"68d1422\" data-settings=\"{&quot;type&quot;:&quot;scroll&quot;,&quot;speed&quot;:&quot;1.2&quot;,&quot;keepImg&quot;:&quot;true&quot;,&quot;imgSize&quot;:&quot;cover&quot;,&quot;imgPosition&quot;:&quot;50% 0%&quot;,&quot;noAndroid&quot;:&quot;false&quot;,&quot;noIos&quot;:&quot;false&quot;}\"><\/div>\n            <div class=\"elementor-element elementor-element-34f120b e-flex e-con-boxed e-con e-parent\" data-id=\"34f120b\" data-element_type=\"container\">\n\t\t\t\t\t<div class=\"e-con-inner\">\n\t\t<div class=\"elementor-element elementor-element-7f214d0 e-con-full e-flex e-con e-child\" data-id=\"7f214d0\" data-element_type=\"container\">\n\t\t\t\t<div class=\"elementor-element elementor-element-f07a1e7 elementor-widget elementor-widget-heading\" data-id=\"f07a1e7\" data-element_type=\"widget\" data-widget_type=\"heading.default\">\n\t\t\t\t<div class=\"elementor-widget-container\">\n\t\t\t\t\t<div class=\"elementor-heading-title elementor-size-default\">Mehr als nur ein Fr\u00fchst\u00fcck<\/div>\t\t\t\t<\/div>\n\t\t\t\t<\/div>\n\t\t\t\t<\/div>\n\t\t<div class=\"elementor-element elementor-element-f2e3acf e-con-full e-flex e-con e-child\" data-id=\"f2e3acf\" data-element_type=\"container\">\n\t\t\t\t<div class=\"elementor-element elementor-element-991d093 elementor-widget__width-initial elementor-widget elementor-widget-heading\" data-id=\"991d093\" data-element_type=\"widget\" data-widget_type=\"heading.default\">\n\t\t\t\t<div class=\"elementor-widget-container\">\n\t\t\t\t\t<h2 class=\"elementor-heading-title elementor-size-default\">Unvergessliche Momente<\/h2>\t\t\t\t<\/div>\n\t\t\t\t<\/div>\n\t\t<div class=\"elementor-element elementor-element-345df6b e-con-full e-flex e-con e-child\" data-id=\"345df6b\" data-element_type=\"container\">\n\t\t\t\t<div class=\"elementor-element elementor-element-c1e002d elementor-widget elementor-widget-heading\" data-id=\"c1e002d\" data-element_type=\"widget\" data-widget_type=\"heading.default\">\n\t\t\t\t<div class=\"elementor-widget-container\">\n\t\t\t\t\t<p class=\"elementor-heading-title elementor-size-default\">Das Fr\u00fchst\u00fcck ist nicht nur eine Gelegenheit, ehrliche und k\u00f6stliche Aromen zu genie\u00dfen, sondern auch ein Moment, in dem sich Gastfreundschaft und Herzlichkeit voll entfalten: eine Zeit des Austauschs und der Geselligkeit \u2013 zwischen uns und unseren G\u00e4sten sowie unter den G\u00e4sten selbst.<\/p>\t\t\t\t<\/div>\n\t\t\t\t<\/div>\n\t\t\t\t<\/div>\n\t\t\t\t<\/div>\n\t\t\t\t\t<\/div>\n\t\t\t\t<\/div>\n\t\t<div class=\"elementor-element elementor-element-fbc190f e-con-full e-flex e-con e-parent\" data-id=\"fbc190f\" data-element_type=\"container\" data-settings=\"{&quot;background_background&quot;:&quot;classic&quot;}\">\n\t\t\t\t<div class=\"elementor-element elementor-element-d9cf8e3 overflow-to-none elementor-pagination-position-outside elementor-widget elementor-widget-amoja-image-carousel\" data-id=\"d9cf8e3\" data-element_type=\"widget\" data-settings=\"{&quot;slides_to_show&quot;:&quot;2.8&quot;,&quot;spaceBetween&quot;:{&quot;unit&quot;:&quot;px&quot;,&quot;size&quot;:5,&quot;sizes&quot;:[]},&quot;slides_to_show_mobile&quot;:&quot;1&quot;,&quot;spaceBetween_tablet_extra&quot;:{&quot;unit&quot;:&quot;px&quot;,&quot;size&quot;:5,&quot;sizes&quot;:[]},&quot;spaceBetween_tablet&quot;:{&quot;unit&quot;:&quot;px&quot;,&quot;size&quot;:5,&quot;sizes&quot;:[]},&quot;spaceBetween_mobile&quot;:{&quot;unit&quot;:&quot;px&quot;,&quot;size&quot;:1,&quot;sizes&quot;:[]},&quot;speed&quot;:1000,&quot;navigation&quot;:&quot;dots&quot;,&quot;autoplay&quot;:&quot;no&quot;,&quot;infinite&quot;:&quot;no&quot;,&quot;slides_to_scroll&quot;:&quot;1&quot;,&quot;spaceBetween_laptop&quot;:{&quot;unit&quot;:&quot;px&quot;,&quot;size&quot;:&quot;&quot;,&quot;sizes&quot;:[]},&quot;spaceBetween_mobile_extra&quot;:{&quot;unit&quot;:&quot;px&quot;,&quot;size&quot;:&quot;&quot;,&quot;sizes&quot;:[]},&quot;swiper_overflow&quot;:&quot;none&quot;}\" data-widget_type=\"amoja-image-carousel.default\">\n\t\t\t\t<div class=\"elementor-widget-container\">\n\t\t\t\t\t        <div class=\"amoja-swiper swiper \" dir=\"ltr\">\n\n            <div class=\"swiper-wrapper\">\n                                    <div class=\"image-carousel-item grid-item swiper-slide\">\n                                                <a class=\"elementor-clickable\">\n                            <img decoding=\"async\" src=\"https:\/\/www.capoalpianoelba.it\/wp-content\/uploads\/elementor\/thumbs\/colazione_capo-al-piano-bb_185057-r7hoqgo1q4wi4pnrn6o75rfdzjwx7hufe754rfgujy.jpg\"\n                                 alt=\"Dolce servito a colazione al B&amp;B Capo al Piano\"\/>\n                            \n                        <\/a>\n                                            <\/div>\n                                    <div class=\"image-carousel-item grid-item swiper-slide\">\n                                                <a class=\"elementor-clickable\">\n                            <img decoding=\"async\" src=\"https:\/\/www.capoalpianoelba.it\/wp-content\/uploads\/elementor\/thumbs\/colazione_capo-al-piano-bb_WA0029-r7hoqvpgrhh3ah1x7d689nmrhpusmni4s9kwfuujse.jpg\"\n                                 alt=\"Dolce servito a colazione al B&amp;B Capo al Piano\"\/>\n                            \n                        <\/a>\n                                            <\/div>\n                                    <div class=\"image-carousel-item grid-item swiper-slide\">\n                                                <a class=\"elementor-clickable\">\n                            <img decoding=\"async\" src=\"https:\/\/www.capoalpianoelba.it\/wp-content\/uploads\/elementor\/thumbs\/colazione_capo-al-piano-bb_152612-r7hoqb10l4os71vyk48fqsumf8opxb81df87vrp7la.jpg\"\n                                 alt=\"Dolce servito a colazione al B&amp;B Capo al Piano\"\/>\n                            \n                        <\/a>\n                                            <\/div>\n                                    <div class=\"image-carousel-item grid-item swiper-slide\">\n                                                <a class=\"elementor-clickable\">\n                            <img decoding=\"async\" src=\"https:\/\/www.capoalpianoelba.it\/wp-content\/uploads\/elementor\/thumbs\/colazione_capo-al-piano-bb_WA0017-r7hoqttsdtein94niccz4o3uay4279ao409xhaxc4u.jpg\"\n                                 alt=\"Muffin serviti a colazione al B&amp;B Capo al Piano\"\/>\n                            \n                        <\/a>\n                                            <\/div>\n                                    <div class=\"image-carousel-item grid-item swiper-slide\">\n                                                <a class=\"elementor-clickable\">\n                            <img decoding=\"async\" src=\"https:\/\/www.capoalpianoelba.it\/wp-content\/uploads\/elementor\/thumbs\/colazione_capo-al-piano-bb_075828-r7hoqn8x1z5idze7kril57rm590hpdkjr3pj4d73ce.jpg\"\n                                 alt=\"Brioche col tuppo servite a colazione al B&amp;B Capo al Piano\"\/>\n                            \n                        <\/a>\n                                            <\/div>\n                                    <div class=\"image-carousel-item grid-item swiper-slide\">\n                                                <a class=\"elementor-clickable\">\n                            <img decoding=\"async\" src=\"https:\/\/www.capoalpianoelba.it\/wp-content\/uploads\/elementor\/thumbs\/colazione_capo-al-piano-bb_074820-r7hoq4g59afrxs5imje1rcie9jl5ffhx0intityysu.jpg\"\n                                 alt=\"Dolci serviti a colazione al B&amp;B Capo al Piano\"\/>\n                            \n                        <\/a>\n                                            <\/div>\n                                    <div class=\"image-carousel-item grid-item swiper-slide\">\n                                                <a class=\"elementor-clickable\">\n                            <img decoding=\"async\" src=\"https:\/\/www.capoalpianoelba.it\/wp-content\/uploads\/elementor\/thumbs\/colazione_capo-al-piano-bb-20250530-WA0038-r75dxcgg3ypral0skjskkg3lbfnfq8proztjeniram.jpg\"\n                                 alt=\"Colazione al B&amp;B Capo al Piano\"\/>\n                            \n                        <\/a>\n                                            <\/div>\n                                    <div class=\"image-carousel-item grid-item swiper-slide\">\n                                                <a class=\"elementor-clickable\">\n                            <img decoding=\"async\" src=\"https:\/\/www.capoalpianoelba.it\/wp-content\/uploads\/elementor\/thumbs\/colazione_capo-al-piano-bb_141416-r7hoqesdcgtxhhqhy5uy0rwgss66s3mypxu5svjmwe.jpg\"\n                                 alt=\"Granita di mandorle e brioche col tuppo\"\/>\n                            \n                        <\/a>\n                                            <\/div>\n                                    <div class=\"image-carousel-item grid-item swiper-slide\">\n                                                <a class=\"elementor-clickable\">\n                            <img decoding=\"async\" src=\"https:\/\/www.capoalpianoelba.it\/wp-content\/uploads\/elementor\/thumbs\/colazione_capo-al-piano-bb_165452-r7hoq79ntsjmwm1f62lxgtss1p792it40wm9ynusa6.jpg\"\n                                 alt=\"Dolci serviti a colazione al B&amp;B Capo al Piano\"\/>\n                            \n                        <\/a>\n                                            <\/div>\n                                    <div class=\"image-carousel-item grid-item swiper-slide\">\n                                                <a class=\"elementor-clickable\">\n                            <img decoding=\"async\" src=\"https:\/\/www.capoalpianoelba.it\/wp-content\/uploads\/elementor\/thumbs\/colazione_capo-al-piano-bb_20190925_075638-r75dxdeaasr1m6zff2774xv1wtisxxti14h0vxhd4e.jpg\"\n                                 alt=\"Confettura di fichi a colazione\"\/>\n                            \n                        <\/a>\n                                            <\/div>\n                                    <div class=\"image-carousel-item grid-item swiper-slide\">\n                                                <a class=\"elementor-clickable\">\n                            <img decoding=\"async\" src=\"https:\/\/www.capoalpianoelba.it\/wp-content\/uploads\/elementor\/thumbs\/colazione_capo-al-piano-bb-20250530-WA0035-r75dx9mxjglwbr4w10kouyt7ja1c35ekolv2ytmxta.jpg\"\n                                 alt=\"Colazione al B&amp;B Capo al Piano\"\/>\n                            \n                        <\/a>\n                                            <\/div>\n                                    <div class=\"image-carousel-item grid-item swiper-slide\">\n                                                <a class=\"elementor-clickable\">\n                            <img decoding=\"async\" src=\"https:\/\/www.capoalpianoelba.it\/wp-content\/uploads\/elementor\/thumbs\/colazione_capo-al-piano-bb-20250530-WA0040-r75dxakrqan6nd3ivizbfgko4nwpauib0qikg3ljn2.jpg\"\n                                 alt=\"Colazione salata al B&amp;B Capo al Piano\"\/>\n                            \n                        <\/a>\n                                            <\/div>\n                                    <div class=\"image-carousel-item grid-item swiper-slide\">\n                                                <a class=\"elementor-clickable\">\n                            <img decoding=\"async\" src=\"https:\/\/www.capoalpianoelba.it\/wp-content\/uploads\/elementor\/thumbs\/colazione_capo-al-piano-bb_WA0028-r7hoqurmknfsyv3acurlp5vawbzfeyeeg4xeykvxym.jpg\"\n                                 alt=\"Colazione al B&amp;B Capo al Piano\"\/>\n                            \n                        <\/a>\n                                            <\/div>\n                                    <div class=\"image-carousel-item grid-item swiper-slide\">\n                                                <a class=\"elementor-clickable\">\n                            <img decoding=\"async\" src=\"https:\/\/www.capoalpianoelba.it\/wp-content\/uploads\/elementor\/thumbs\/colazione_capo-al-piano-bb_075337-r7hoq5dzg4h29e45h1sobu9uuxgin4lncnbb03xkmm.jpg\"\n                                 alt=\"Marmellata servita a colazione al B&amp;B Capo al Piano\"\/>\n                            \n                        <\/a>\n                                            <\/div>\n                                    <div class=\"image-carousel-item grid-item swiper-slide\">\n                                                <a class=\"elementor-clickable\">\n                            <img decoding=\"async\" src=\"https:\/\/www.capoalpianoelba.it\/wp-content\/uploads\/elementor\/thumbs\/colazione_capo-al-piano-bb_164325-r7hoq95c7gm7jtyov3f6ltbp8gxzhx0kp5x8x7rzxq.jpg\"\n                                 alt=\"Dolce servito a colazione al B&amp;B Capo al Piano\"\/>\n                            \n                        <\/a>\n                                            <\/div>\n                                    <div class=\"image-carousel-item grid-item swiper-slide\">\n                                                <a class=\"elementor-clickable\">\n                            <img decoding=\"async\" src=\"https:\/\/www.capoalpianoelba.it\/wp-content\/uploads\/elementor\/thumbs\/colazione_capo-al-piano-bb_101115-r7hoqbyuryq2inulemn2bam30mk350brpjvpd1ntf2.jpg\"\n                                 alt=\"Dolce servito a colazione al B&amp;B Capo al Piano\"\/>\n                            \n                        <\/a>\n                                            <\/div>\n                                    <div class=\"image-carousel-item grid-item swiper-slide\">\n                                                <a class=\"elementor-clickable\">\n                            <img decoding=\"async\" src=\"https:\/\/www.capoalpianoelba.it\/wp-content\/uploads\/elementor\/thumbs\/colazione_capo-al-piano-bb_075200-r7hoqcwoysrcu9t8951ovsdjm0fgcpfi1oj6ubmf8u.jpg\"\n                                 alt=\"Dolce servito a colazione al B&amp;B Capo al Piano\"\/>\n                            \n                        <\/a>\n                                            <\/div>\n                                    <div class=\"image-carousel-item grid-item swiper-slide\">\n                                                <a class=\"elementor-clickable\">\n                            <img decoding=\"async\" src=\"https:\/\/www.capoalpianoelba.it\/wp-content\/uploads\/elementor\/thumbs\/colazione_capo-al-piano-bb-3-r75dxbilx4ogyz25q1dxzyc4q1s2ijm1cv61xdk5gu.jpg\"\n                                 alt=\"Colazione al B&amp;B Capo al Piano\"\/>\n                            \n                        <\/a>\n                                            <\/div>\n                                    <div class=\"image-carousel-item grid-item swiper-slide\">\n                                                <a class=\"elementor-clickable\">\n                            <img decoding=\"async\" src=\"https:\/\/www.capoalpianoelba.it\/wp-content\/uploads\/elementor\/thumbs\/colazione_capo-al-piano-bb_082948-r7hoqijq3sz2rxl1c7hgaqyb6bnnmw1w2gg3pze27i.jpg\"\n                                 alt=\"Colazione salata al B&amp;B Capo al Piano\"\/>\n                            \n                        <\/a>\n                                            <\/div>\n                                    <div class=\"image-carousel-item grid-item swiper-slide\">\n                                                <a class=\"elementor-clickable\">\n                            <img decoding=\"async\" src=\"https:\/\/www.capoalpianoelba.it\/wp-content\/uploads\/elementor\/thumbs\/colazione_capo-al-piano-bb_WA0016-r7hoqjhkan0d3jjo6pw2v8prrpj0ul5mel3l79co1a.jpg\"\n                                 alt=\"Dolce servito a colazione al B&amp;B Capo al Piano\"\/>\n                            \n                        <\/a>\n                                            <\/div>\n                                    <div class=\"image-carousel-item grid-item swiper-slide\">\n                                                <a class=\"elementor-clickable\">\n                            <img decoding=\"async\" src=\"https:\/\/www.capoalpianoelba.it\/wp-content\/uploads\/elementor\/thumbs\/colazione_capo-al-piano-bb_074941-r7hoqld8ob2xqrgxvqpc088oyh9r9zd32uek5t9vou.jpg\"\n                                 alt=\"Colazione al B&amp;B Capo al Piano\"\/>\n                            \n                        <\/a>\n                                            <\/div>\n                                    <div class=\"image-carousel-item grid-item swiper-slide\">\n                                                <a class=\"elementor-clickable\">\n                            <img decoding=\"async\" src=\"https:\/\/www.capoalpianoelba.it\/wp-content\/uploads\/elementor\/thumbs\/colazione_capo-al-piano-bb_WA0015-r7hoqp4lfn8317bh9sbua7ajc0r84rs0fd0i2x4azy.jpg\"\n                                 alt=\"Dolce servito a colazione al B&amp;B Capo al Piano\"\/>\n                            \n                        <\/a>\n                                            <\/div>\n                                    <div class=\"image-carousel-item grid-item swiper-slide\">\n                                                <a class=\"elementor-clickable\">\n                            <img decoding=\"async\" src=\"https:\/\/www.capoalpianoelba.it\/wp-content\/uploads\/elementor\/thumbs\/colazione_capo-al-piano-bb_185925-r7hoqr09tbanof8qyt53f6tgishyk5zh3mbh1h1ini.jpg\"\n                                 alt=\"Dolce servito a colazione al B&amp;B Capo al Piano\"\/>\n                            \n                        <\/a>\n                                            <\/div>\n                                    <div class=\"image-carousel-item grid-item swiper-slide\">\n                                                <a class=\"elementor-clickable\">\n                            <img decoding=\"async\" src=\"https:\/\/www.capoalpianoelba.it\/wp-content\/uploads\/elementor\/thumbs\/colazione_capo-al-piano-bb_174902-r7hoqry405by017dtbjpzokx46dbrv37fqyyir04ha.jpg\"\n                                 alt=\"Dolce servito a colazione al B&amp;B Capo al Piano\"\/>\n                            \n                        <\/a>\n                                            <\/div>\n                                    <div class=\"image-carousel-item grid-item swiper-slide\">\n                                                <a class=\"elementor-clickable\">\n                            <img decoding=\"async\" src=\"https:\/\/www.capoalpianoelba.it\/wp-content\/uploads\/elementor\/thumbs\/colazione_capo-al-piano-bb_074856-r7hoqsvy6zd8bn60ntyck6cdpk8ozk6xrvmg00yqb2.jpeg\"\n                                 alt=\"Croissant serviti a colazione al B&amp;B Capo al Piano\"\/>\n                            \n                        <\/a>\n                                            <\/div>\n                \n            <\/div>\n        <\/div>\n                    <div class=\"swiper-pagination\"><\/div>\n                        \t\t\t\t<\/div>\n\t\t\t\t<\/div>\n\t\t\t\t<\/div>\n\t\t<div class=\"elementor-element elementor-element-d479306 e-flex e-con-boxed e-con e-parent\" data-id=\"d479306\" data-element_type=\"container\">\n\t\t\t\t\t<div class=\"e-con-inner\">\n\t\t\t\t<div class=\"elementor-element elementor-element-40acd6b elementor-widget elementor-widget-text-editor\" data-id=\"40acd6b\" data-element_type=\"widget\" data-widget_type=\"text-editor.default\">\n\t\t\t\t<div class=\"elementor-widget-container\">\n\t\t\t\t\t\t\t\t\t<p>Dies ist der ideale Moment, um Erfahrungen auszutauschen: Wir teilen gerne unser Wissen \u00fcber die Insel Elba und geben individuelle Tipps zu Str\u00e4nden, Ausflugszielen, Spazierg\u00e4ngen und Wanderwegen, zu Restaurants mit lokaler K\u00fcche und allen weiteren Informationen, die den Aufenthalt unvergesslich machen.<\/p><p>Gerade hier entstehen oft echte Verbindungen: G\u00e4ste werden zu Freunden \u2013 Freundschaften, die bleiben und Spuren hinterlassen.<\/p>\t\t\t\t\t\t\t\t<\/div>\n\t\t\t\t<\/div>\n\t\t\t\t\t<\/div>\n\t\t\t\t<\/div>\n\t\t\t\t<\/div>\n\t\t","protected":false},"excerpt":{"rendered":"<p>Fruehstueck Hausgemachte, ehrliche Produkte aus der Region Fr\u00fchst\u00fcck mit Meerblick Ein perfekter Start in den Tag \u2013 mit Dueften und Geschmackserlebnissen Ein perfekter Start in den Tag \u2013 mit D\u00fcften und Geschmackserlebnissen Das wahre Aush\u00e4ngeschild des B&amp;B Capo al Piano ist das Fr\u00fchst\u00fcck, das jeden Morgen auf der Panorama-Veranda serviert wird \u2013 mit herrlichem Blick [&hellip;]<\/p>\n","protected":false},"author":2,"featured_media":0,"parent":0,"menu_order":0,"comment_status":"closed","ping_status":"closed","template":"template-homepage.php","meta":{"inline_featured_image":false,"footnotes":""},"class_list":["post-8593","page","type-page","status-publish","hentry"],"_links":{"self":[{"href":"https:\/\/www.capoalpianoelba.it\/de\/wp-json\/wp\/v2\/pages\/8593","targetHints":{"allow":["GET"]}}],"collection":[{"href":"https:\/\/www.capoalpianoelba.it\/de\/wp-json\/wp\/v2\/pages"}],"about":[{"href":"https:\/\/www.capoalpianoelba.it\/de\/wp-json\/wp\/v2\/types\/page"}],"author":[{"embeddable":true,"href":"https:\/\/www.capoalpianoelba.it\/de\/wp-json\/wp\/v2\/users\/2"}],"replies":[{"embeddable":true,"href":"https:\/\/www.capoalpianoelba.it\/de\/wp-json\/wp\/v2\/comments?post=8593"}],"version-history":[{"count":5,"href":"https:\/\/www.capoalpianoelba.it\/de\/wp-json\/wp\/v2\/pages\/8593\/revisions"}],"predecessor-version":[{"id":8818,"href":"https:\/\/www.capoalpianoelba.it\/de\/wp-json\/wp\/v2\/pages\/8593\/revisions\/8818"}],"wp:attachment":[{"href":"https:\/\/www.capoalpianoelba.it\/de\/wp-json\/wp\/v2\/media?parent=8593"}],"curies":[{"name":"wp","href":"https:\/\/api.w.org\/{rel}","templated":true}]}}