{"id":8592,"date":"2025-06-11T11:06:01","date_gmt":"2025-06-11T09:06:01","guid":{"rendered":"https:\/\/www.capoalpianoelba.it\/esperienze\/"},"modified":"2025-06-24T11:36:46","modified_gmt":"2025-06-24T09:36:46","slug":"erlebnisse","status":"publish","type":"page","link":"https:\/\/www.capoalpianoelba.it\/de\/erlebnisse\/","title":{"rendered":"Erlebnisse"},"content":{"rendered":"\t\t<div data-elementor-type=\"wp-page\" data-elementor-id=\"8592\" class=\"elementor elementor-8592 elementor-7064\">\n\t\t\t\t<div class=\"elementor-element elementor-element-12eb306 e-flex e-con-boxed e-con e-parent\" data-id=\"12eb306\" data-element_type=\"container\" data-settings=\"{&quot;background_background&quot;:&quot;classic&quot;}\">\n\t\t\t\t\t<div class=\"e-con-inner\">\n\t\t\t\t<div class=\"elementor-element elementor-element-5da0b28 animated-fast elementor-invisible elementor-widget elementor-widget-heading\" data-id=\"5da0b28\" data-element_type=\"widget\" data-settings=\"{&quot;_animation&quot;:&quot;opal-move-up&quot;}\" data-widget_type=\"heading.default\">\n\t\t\t\t<div class=\"elementor-widget-container\">\n\t\t\t\t\t<h1 class=\"elementor-heading-title elementor-size-default\">Rund um uns<\/h1>\t\t\t\t<\/div>\n\t\t\t\t<\/div>\n\t\t\t\t<div class=\"elementor-element elementor-element-b0dcedf animated-fast elementor-invisible elementor-widget elementor-widget-text-editor\" data-id=\"b0dcedf\" data-element_type=\"widget\" data-settings=\"{&quot;_animation&quot;:&quot;opal-move-up&quot;,&quot;_animation_delay&quot;:300}\" data-widget_type=\"text-editor.default\">\n\t\t\t\t<div class=\"elementor-widget-container\">\n\t\t\t\t\t\t\t\t\tDie sch\u00f6nsten Erlebnisse ganz in der N\u00e4he des B&#038;B\t\t\t\t\t\t\t\t<\/div>\n\t\t\t\t<\/div>\n\t\t\t\t\t<\/div>\n\t\t\t\t<\/div>\n\t\t                <div class=\"custom-elementor-parallax\" data-id=\"12eb306\" data-settings=\"{&quot;type&quot;:&quot;scroll&quot;,&quot;speed&quot;:&quot;1.2&quot;,&quot;keepImg&quot;:&quot;true&quot;,&quot;imgSize&quot;:&quot;cover&quot;,&quot;imgPosition&quot;:&quot;50% 0%&quot;,&quot;noAndroid&quot;:&quot;false&quot;,&quot;noIos&quot;:&quot;false&quot;}\"><\/div>\n            <div class=\"elementor-element elementor-element-32601e6 e-flex e-con-boxed e-con e-parent\" data-id=\"32601e6\" data-element_type=\"container\">\n\t\t\t\t\t<div class=\"e-con-inner\">\n\t\t<div class=\"elementor-element elementor-element-971e522 e-con-full e-flex e-con e-child\" data-id=\"971e522\" data-element_type=\"container\">\n\t\t\t\t<div class=\"elementor-element elementor-element-46f1254 elementor-widget elementor-widget-heading\" data-id=\"46f1254\" data-element_type=\"widget\" data-widget_type=\"heading.default\">\n\t\t\t\t<div class=\"elementor-widget-container\">\n\t\t\t\t\t<div class=\"elementor-heading-title elementor-size-default\">Meer, D\u00f6rfer und Natur<\/div>\t\t\t\t<\/div>\n\t\t\t\t<\/div>\n\t\t\t\t<div class=\"elementor-element elementor-element-ea586af elementor-widget elementor-widget-heading\" data-id=\"ea586af\" data-element_type=\"widget\" data-widget_type=\"heading.default\">\n\t\t\t\t<div class=\"elementor-widget-container\">\n\t\t\t\t\t<h2 class=\"elementor-heading-title elementor-size-default\">Die Insel Elba entdecken<\/h2>\t\t\t\t<\/div>\n\t\t\t\t<\/div>\n\t\t\t\t<div class=\"elementor-element elementor-element-87ed659 elementor-widget elementor-widget-text-editor\" data-id=\"87ed659\" data-element_type=\"widget\" data-widget_type=\"text-editor.default\">\n\t\t\t\t<div class=\"elementor-widget-container\">\n\t\t\t\t\t\t\t\t\t<p>Die Insel Elba bewahrt bis heute unber\u00fchrte Naturlandschaften, kristallklares Meer, \u00fcppige W\u00e4lder und ein historisches Erbe, das von den Etruskern bis zur napoleonischen Zeit reicht.<\/p><p>Dank der strategischen Lage des B&amp;B Capo al Piano lassen sich die Sch\u00f6nheiten der Insel bei zahlreichen Erlebnissen in der Umgebung entdecken: eindrucksvolle Str\u00e4nde, authentische D\u00f6rfer, panoramische Wanderwege und Aktivit\u00e4ten an der frischen Luft.<\/p>\t\t\t\t\t\t\t\t<\/div>\n\t\t\t\t<\/div>\n\t\t\t\t<div class=\"elementor-element elementor-element-ec1f27e elementor-widget elementor-widget-image\" data-id=\"ec1f27e\" data-element_type=\"widget\" data-widget_type=\"image.default\">\n\t\t\t\t<div class=\"elementor-widget-container\">\n\t\t\t\t\t\t\t\t\t\t\t\t\t\t\t<img fetchpriority=\"high\" decoding=\"async\" width=\"550\" height=\"400\" src=\"https:\/\/www.capoalpianoelba.it\/wp-content\/uploads\/2025\/06\/o_windsurf-elba.jpg\" class=\"attachment-full size-full wp-image-8225\" alt=\"\" srcset=\"https:\/\/www.capoalpianoelba.it\/wp-content\/uploads\/2025\/06\/o_windsurf-elba.jpg 550w, https:\/\/www.capoalpianoelba.it\/wp-content\/uploads\/2025\/06\/o_windsurf-elba-300x218.jpg 300w\" sizes=\"(max-width: 550px) 100vw, 550px\" \/>\t\t\t\t\t\t\t\t\t\t\t\t\t\t\t<\/div>\n\t\t\t\t<\/div>\n\t\t\t\t<\/div>\n\t\t<div class=\"elementor-element elementor-element-faed9ab e-con-full e-flex e-con e-child\" data-id=\"faed9ab\" data-element_type=\"container\">\n\t\t\t\t<div class=\"elementor-element elementor-element-a39a119 elementor-widget elementor-widget-image\" data-id=\"a39a119\" data-element_type=\"widget\" data-widget_type=\"image.default\">\n\t\t\t\t<div class=\"elementor-widget-container\">\n\t\t\t\t\t\t\t\t\t\t\t\t\t\t\t<img decoding=\"async\" width=\"550\" height=\"630\" src=\"https:\/\/www.capoalpianoelba.it\/wp-content\/uploads\/2025\/06\/e-bike-marciana.jpg\" class=\"attachment-full size-full wp-image-8209\" alt=\"In e-bike a Marciana\" srcset=\"https:\/\/www.capoalpianoelba.it\/wp-content\/uploads\/2025\/06\/e-bike-marciana.jpg 550w, https:\/\/www.capoalpianoelba.it\/wp-content\/uploads\/2025\/06\/e-bike-marciana-262x300.jpg 262w\" sizes=\"(max-width: 550px) 100vw, 550px\" \/>\t\t\t\t\t\t\t\t\t\t\t\t\t\t\t<\/div>\n\t\t\t\t<\/div>\n\t\t\t\t<\/div>\n\t\t\t\t\t<\/div>\n\t\t\t\t<\/div>\n\t\t<div class=\"elementor-element elementor-element-d1cef97 e-flex e-con-boxed e-con e-child\" data-id=\"d1cef97\" data-element_type=\"container\">\n\t\t\t\t\t<div class=\"e-con-inner\">\n\t\t\t\t<div class=\"elementor-element elementor-element-7a6bc00 elementor-widget elementor-widget-heading\" data-id=\"7a6bc00\" data-element_type=\"widget\" data-widget_type=\"heading.default\">\n\t\t\t\t<div class=\"elementor-widget-container\">\n\t\t\t\t\t<div class=\"elementor-heading-title elementor-size-default\">Der Charme des Dorfes am Meer<\/div>\t\t\t\t<\/div>\n\t\t\t\t<\/div>\n\t\t\t\t<div class=\"elementor-element elementor-element-b15a3a3 elementor-widget elementor-widget-heading\" data-id=\"b15a3a3\" data-element_type=\"widget\" data-widget_type=\"heading.default\">\n\t\t\t\t<div class=\"elementor-widget-container\">\n\t\t\t\t\t<h2 class=\"elementor-heading-title elementor-size-default\">Nur einen Steinwurf von Marciana Marina entfernt<\/h2>\t\t\t\t<\/div>\n\t\t\t\t<\/div>\n\t\t\t\t<div class=\"elementor-element elementor-element-07d16d9 elementor-widget elementor-widget-text-editor\" data-id=\"07d16d9\" data-element_type=\"widget\" data-widget_type=\"text-editor.default\">\n\t\t\t\t<div class=\"elementor-widget-container\">\n\t\t\t\t\t\t\t\t\t<p>Das B&amp;B Capo al Piano liegt etwa einen Kilometer von Marciana Marina entfernt \u2013 in einer strategisch g\u00fcnstigen Lage, um das Ortszentrum mit seiner wundersch\u00f6nen Uferpromenade und den charakteristischen Kieselstr\u00e4nden in wenigen Minuten zu erreichen.<\/p><p>In Marciana Marina finden Sie alle wichtigen Dienstleistungen: Post, Bank, Apotheke, M\u00fcnzw\u00e4scherei, Superm\u00e4rkte und zahlreiche Gesch\u00e4fte. Dar\u00fcber hinaus bietet der Ort eine gro\u00dfe Auswahl an Restaurants, von denen viele eine Vereinbarung mit unserem B&amp;B haben.<\/p>\t\t\t\t\t\t\t\t<\/div>\n\t\t\t\t<\/div>\n\t\t\t\t\t<\/div>\n\t\t\t\t<\/div>\n\t\t<div class=\"elementor-element elementor-element-d5371dc e-flex e-con-boxed e-con e-parent\" data-id=\"d5371dc\" data-element_type=\"container\" data-settings=\"{&quot;background_background&quot;:&quot;classic&quot;}\">\n\t\t\t\t\t<div class=\"e-con-inner\">\n\t\t\t\t\t<\/div>\n\t\t\t\t<\/div>\n\t\t                <div class=\"custom-elementor-parallax\" data-id=\"d5371dc\" data-settings=\"{&quot;type&quot;:&quot;scroll&quot;,&quot;speed&quot;:&quot;1.2&quot;,&quot;keepImg&quot;:&quot;true&quot;,&quot;imgSize&quot;:&quot;cover&quot;,&quot;imgPosition&quot;:&quot;50% 0%&quot;,&quot;noAndroid&quot;:&quot;false&quot;,&quot;noIos&quot;:&quot;false&quot;}\"><\/div>\n            <div class=\"elementor-element elementor-element-34f120b e-flex e-con-boxed e-con e-parent\" data-id=\"34f120b\" data-element_type=\"container\">\n\t\t\t\t\t<div class=\"e-con-inner\">\n\t\t\t\t<div class=\"elementor-element elementor-element-0dde81a elementor-widget elementor-widget-heading\" data-id=\"0dde81a\" data-element_type=\"widget\" data-widget_type=\"heading.default\">\n\t\t\t\t<div class=\"elementor-widget-container\">\n\t\t\t\t\t<div class=\"elementor-heading-title elementor-size-default\">Entdecken<\/div>\t\t\t\t<\/div>\n\t\t\t\t<\/div>\n\t\t\t\t<div class=\"elementor-element elementor-element-12c0aaf elementor-widget__width-initial elementor-widget elementor-widget-heading\" data-id=\"12c0aaf\" data-element_type=\"widget\" data-widget_type=\"heading.default\">\n\t\t\t\t<div class=\"elementor-widget-container\">\n\t\t\t\t\t<h2 class=\"elementor-heading-title elementor-size-default\">Was es rund um das B&amp;B zu sehen gibt<\/h2>\t\t\t\t<\/div>\n\t\t\t\t<\/div>\n\t\t\t\t<div class=\"elementor-element elementor-element-745a80d elementor-widget elementor-widget-text-editor\" data-id=\"745a80d\" data-element_type=\"widget\" data-widget_type=\"text-editor.default\">\n\t\t\t\t<div class=\"elementor-widget-container\">\n\t\t\t\t\t\t\t\t\t<p>Nur wenige Kilometer vom B&amp;B entfernt befinden sich einige der sch\u00f6nsten Sandstr\u00e4nde an der Westk\u00fcste Elbas, wie Procchio und Marina di Campo \u2013 weitl\u00e4ufig, ausgestattet und ideal f\u00fcr Familien. Daneben gibt es auch kleine, reizvolle Buchten wie La Paolina und Spartaia, die durch ihre intime und faszinierende Atmosph\u00e4re bestechen.<\/p><p>Im Landesinneren erreicht man die typischen Bergd\u00f6rfer Poggio und Marciana. Von Marciana startet auch die Kabinenbahn zum Monte Capanne, dem h\u00f6chsten Gipfel der Insel, der atemberaubende Ausblicke bietet.<\/p><p>Zu den eindrucksvollsten Orten der Gegend z\u00e4hlen auch die Str\u00e4nde von Sant\u2019Andrea und Cotoncello, bekannt f\u00fcr ihre landschaftliche Sch\u00f6nheit und spektakul\u00e4ren Sonnenunterg\u00e4nge.<\/p><p>Nur wenige Meter vom B&amp;B entfernt befindet sich zudem eine Bushaltestelle \u2013 ideal, um die wichtigsten Orte der Insel bequem ohne Auto zu erreichen.<\/p>\t\t\t\t\t\t\t\t<\/div>\n\t\t\t\t<\/div>\n\t\t\t\t\t<\/div>\n\t\t\t\t<\/div>\n\t\t<div class=\"elementor-element elementor-element-427fcba e-con-full e-flex e-con e-parent\" data-id=\"427fcba\" data-element_type=\"container\">\n\t\t\t\t<div class=\"elementor-element elementor-element-fac032e overflow-to-none elementor-pagination-position-outside elementor-widget elementor-widget-amoja-imgbox-carousel\" data-id=\"fac032e\" data-element_type=\"widget\" data-settings=\"{&quot;slides_to_show&quot;:&quot;2.5&quot;,&quot;slides_to_show_tablet&quot;:&quot;1.3&quot;,&quot;infinite&quot;:&quot;no&quot;,&quot;slides_to_show_tablet_extra&quot;:&quot;1.3&quot;,&quot;spaceBetween_tablet_extra&quot;:{&quot;unit&quot;:&quot;px&quot;,&quot;size&quot;:5,&quot;sizes&quot;:[]},&quot;spaceBetween_mobile_extra&quot;:{&quot;unit&quot;:&quot;px&quot;,&quot;size&quot;:5,&quot;sizes&quot;:[]},&quot;navigation&quot;:&quot;dots&quot;,&quot;slides_to_show_mobile_extra&quot;:&quot;1&quot;,&quot;spaceBetween&quot;:{&quot;unit&quot;:&quot;px&quot;,&quot;size&quot;:5,&quot;sizes&quot;:[]},&quot;spaceBetween_mobile&quot;:{&quot;unit&quot;:&quot;px&quot;,&quot;size&quot;:1,&quot;sizes&quot;:[]},&quot;autoplay&quot;:&quot;no&quot;,&quot;spaceBetween_laptop&quot;:{&quot;unit&quot;:&quot;px&quot;,&quot;size&quot;:&quot;&quot;,&quot;sizes&quot;:[]},&quot;spaceBetween_tablet&quot;:{&quot;unit&quot;:&quot;px&quot;,&quot;size&quot;:&quot;&quot;,&quot;sizes&quot;:[]},&quot;swiper_overflow&quot;:&quot;none&quot;,&quot;enable_scrollbar&quot;:&quot;no&quot;,&quot;speed&quot;:500}\" data-widget_type=\"amoja-imgbox-carousel.default\">\n\t\t\t\t<div class=\"elementor-widget-container\">\n\t\t\t\t\t\n            <div class=\"elementor-imgbox-item-wrapper amoja-swiper swiper \" dir=\"ltr\">\n                <div class=\"alignment-left layout-4 swiper-wrapper\">\n                                            <div class=\"grid-item swiper-slide elementor-imgbox-item\">\n                            <div class=\"elementor-imgbox-wrapper elementor-repeater-item-012774a\">\n                                <div class=\"elementer-imgbox-inner\">\n                                                                                        <div class=\"box-image\">\n                <a href=\"\">\n                    <img decoding=\"async\" width=\"1280\" height=\"853\" src=\"https:\/\/www.capoalpianoelba.it\/wp-content\/uploads\/2025\/06\/paolina_mod-2.jpg\" class=\"attachment-full size-full wp-image-7743\" alt=\"Spiaggia della Paolina\" srcset=\"https:\/\/www.capoalpianoelba.it\/wp-content\/uploads\/2025\/06\/paolina_mod-2.jpg 1280w, https:\/\/www.capoalpianoelba.it\/wp-content\/uploads\/2025\/06\/paolina_mod-2-300x200.jpg 300w, https:\/\/www.capoalpianoelba.it\/wp-content\/uploads\/2025\/06\/paolina_mod-2-1024x682.jpg 1024w, https:\/\/www.capoalpianoelba.it\/wp-content\/uploads\/2025\/06\/paolina_mod-2-768x512.jpg 768w\" sizes=\"(max-width: 1280px) 100vw, 1280px\" \/>                <\/a>\n            <\/div>\n                                                                                <div class=\"elementor-icon-box-content elementor-button-type-outline elementor-widget-amoja-button\">\n                                                                                                                        \n                                        <div class=\"imgbox-meta\">\n                                                                                            <p class=\"elementor-imgbox-desc\">La Paolina<\/p>\n                                                                                                                                <\/div>\n                                    <\/div>\n                                <\/div>\n                            <\/div>\n                        <\/div>\n                                            <div class=\"grid-item swiper-slide elementor-imgbox-item\">\n                            <div class=\"elementor-imgbox-wrapper elementor-repeater-item-def8fba\">\n                                <div class=\"elementer-imgbox-inner\">\n                                                                                        <div class=\"box-image\">\n                <a href=\"\">\n                    <img loading=\"lazy\" decoding=\"async\" width=\"1280\" height=\"853\" src=\"https:\/\/www.capoalpianoelba.it\/wp-content\/uploads\/2025\/06\/spartaia-mod-gru-1.jpg\" class=\"attachment-full size-full wp-image-7740\" alt=\"Spiaggia di Spartaia\" srcset=\"https:\/\/www.capoalpianoelba.it\/wp-content\/uploads\/2025\/06\/spartaia-mod-gru-1.jpg 1280w, https:\/\/www.capoalpianoelba.it\/wp-content\/uploads\/2025\/06\/spartaia-mod-gru-1-300x200.jpg 300w, https:\/\/www.capoalpianoelba.it\/wp-content\/uploads\/2025\/06\/spartaia-mod-gru-1-1024x682.jpg 1024w, https:\/\/www.capoalpianoelba.it\/wp-content\/uploads\/2025\/06\/spartaia-mod-gru-1-768x512.jpg 768w\" sizes=\"(max-width: 1280px) 100vw, 1280px\" \/>                <\/a>\n            <\/div>\n                                                                                <div class=\"elementor-icon-box-content elementor-button-type-outline elementor-widget-amoja-button\">\n                                                                                                                        \n                                        <div class=\"imgbox-meta\">\n                                                                                            <p class=\"elementor-imgbox-desc\">Spartaia<\/p>\n                                                                                                                                <\/div>\n                                    <\/div>\n                                <\/div>\n                            <\/div>\n                        <\/div>\n                                            <div class=\"grid-item swiper-slide elementor-imgbox-item\">\n                            <div class=\"elementor-imgbox-wrapper elementor-repeater-item-d4dab60\">\n                                <div class=\"elementer-imgbox-inner\">\n                                                                                        <div class=\"box-image\">\n                <a href=\"\">\n                    <img loading=\"lazy\" decoding=\"async\" width=\"1280\" height=\"853\" src=\"https:\/\/www.capoalpianoelba.it\/wp-content\/uploads\/2025\/06\/poggio-01.jpg\" class=\"attachment-full size-full wp-image-7742\" alt=\"Poggio\" srcset=\"https:\/\/www.capoalpianoelba.it\/wp-content\/uploads\/2025\/06\/poggio-01.jpg 1280w, https:\/\/www.capoalpianoelba.it\/wp-content\/uploads\/2025\/06\/poggio-01-300x200.jpg 300w, https:\/\/www.capoalpianoelba.it\/wp-content\/uploads\/2025\/06\/poggio-01-1024x682.jpg 1024w, https:\/\/www.capoalpianoelba.it\/wp-content\/uploads\/2025\/06\/poggio-01-768x512.jpg 768w\" sizes=\"(max-width: 1280px) 100vw, 1280px\" \/>                <\/a>\n            <\/div>\n                                                                                <div class=\"elementor-icon-box-content elementor-button-type-outline elementor-widget-amoja-button\">\n                                                                                                                        \n                                        <div class=\"imgbox-meta\">\n                                                                                            <p class=\"elementor-imgbox-desc\">Poggio<\/p>\n                                                                                                                                <\/div>\n                                    <\/div>\n                                <\/div>\n                            <\/div>\n                        <\/div>\n                                            <div class=\"grid-item swiper-slide elementor-imgbox-item\">\n                            <div class=\"elementor-imgbox-wrapper elementor-repeater-item-f07b52d\">\n                                <div class=\"elementer-imgbox-inner\">\n                                                                                        <div class=\"box-image\">\n                <a href=\"\">\n                    <img loading=\"lazy\" decoding=\"async\" width=\"1280\" height=\"853\" src=\"https:\/\/www.capoalpianoelba.it\/wp-content\/uploads\/2025\/06\/m-capanne_0013.jpg\" class=\"attachment-full size-full wp-image-7744\" alt=\"Vista aerea del Monte Capanne fotografato da un drone\" srcset=\"https:\/\/www.capoalpianoelba.it\/wp-content\/uploads\/2025\/06\/m-capanne_0013.jpg 1280w, https:\/\/www.capoalpianoelba.it\/wp-content\/uploads\/2025\/06\/m-capanne_0013-300x200.jpg 300w, https:\/\/www.capoalpianoelba.it\/wp-content\/uploads\/2025\/06\/m-capanne_0013-1024x682.jpg 1024w, https:\/\/www.capoalpianoelba.it\/wp-content\/uploads\/2025\/06\/m-capanne_0013-768x512.jpg 768w\" sizes=\"(max-width: 1280px) 100vw, 1280px\" \/>                <\/a>\n            <\/div>\n                                                                                <div class=\"elementor-icon-box-content elementor-button-type-outline elementor-widget-amoja-button\">\n                                                                                                                        \n                                        <div class=\"imgbox-meta\">\n                                                                                            <p class=\"elementor-imgbox-desc\">Monte Capanne<\/p>\n                                                                                                                                <\/div>\n                                    <\/div>\n                                <\/div>\n                            <\/div>\n                        <\/div>\n                                            <div class=\"grid-item swiper-slide elementor-imgbox-item\">\n                            <div class=\"elementor-imgbox-wrapper elementor-repeater-item-7199732\">\n                                <div class=\"elementer-imgbox-inner\">\n                                                                                        <div class=\"box-image\">\n                <a href=\"\">\n                    <img loading=\"lazy\" decoding=\"async\" width=\"1280\" height=\"853\" src=\"https:\/\/www.capoalpianoelba.it\/wp-content\/uploads\/2025\/06\/sant-andrea.jpg\" class=\"attachment-full size-full wp-image-7741\" alt=\"Spiaggia di Sant&#039;Andrea\" srcset=\"https:\/\/www.capoalpianoelba.it\/wp-content\/uploads\/2025\/06\/sant-andrea.jpg 1280w, https:\/\/www.capoalpianoelba.it\/wp-content\/uploads\/2025\/06\/sant-andrea-300x200.jpg 300w, https:\/\/www.capoalpianoelba.it\/wp-content\/uploads\/2025\/06\/sant-andrea-1024x682.jpg 1024w, https:\/\/www.capoalpianoelba.it\/wp-content\/uploads\/2025\/06\/sant-andrea-768x512.jpg 768w\" sizes=\"(max-width: 1280px) 100vw, 1280px\" \/>                <\/a>\n            <\/div>\n                                                                                <div class=\"elementor-icon-box-content elementor-button-type-outline elementor-widget-amoja-button\">\n                                                                                                                        \n                                        <div class=\"imgbox-meta\">\n                                                                                            <p class=\"elementor-imgbox-desc\">Sant'Andrea<\/p>\n                                                                                                                                <\/div>\n                                    <\/div>\n                                <\/div>\n                            <\/div>\n                        <\/div>\n                                    <\/div>\n            <\/div>\n                        <div class=\"swiper-pagination\"><\/div>\n                            \t\t\t\t<\/div>\n\t\t\t\t<\/div>\n\t\t\t\t<\/div>\n\t\t<div class=\"elementor-element elementor-element-2ec829e e-flex e-con-boxed e-con e-parent\" data-id=\"2ec829e\" data-element_type=\"container\">\n\t\t\t\t\t<div class=\"e-con-inner\">\n\t\t\t\t<div class=\"elementor-element elementor-element-1e3da51 elementor-widget elementor-widget-text-editor\" data-id=\"1e3da51\" data-element_type=\"widget\" data-widget_type=\"text-editor.default\">\n\t\t\t\t<div class=\"elementor-widget-container\">\n\t\t\t\t\t\t\t\t\t<p>Die Lage des B&amp;B Capo al Piano erm\u00f6glicht es, in wenigen Minuten das weitverzweigte Wanderwegenetz der Insel Elba zu erreichen \u2013 ein absolutes Muss f\u00fcr alle Trekkingliebhaber.<\/p><p>Die Grande Traversata Elbana (GTE) ist einer der bedeutendsten Weitwanderwege der Insel. Die Route verl\u00e4uft von Cavo bis Pomonte entlang der Bergr\u00fccken Elbas und bietet spektakul\u00e4re Ausblicke, W\u00e4lder, T\u00e4ler und Passagen mit Blick aufs Meer.<\/p><p>Aufgrund der L\u00e4nge und der beachtlichen H\u00f6henunterschiede wird empfohlen, die GTE in mehrere Etappen zu unterteilen, um die Sch\u00f6nheit der Landschaften, Farben und D\u00fcfte der Insel in vollen Z\u00fcgen und ohne \u00fcberm\u00e4\u00dfige Anstrengung genie\u00dfen zu k\u00f6nnen.<\/p><p>Das B&amp;B Capo al Piano ist im offiziellen Wanderf\u00fchrer der Grande Traversata Elbana (GTE) als Rastpunkt aufgef\u00fchrt und bietet eine komfortable und herzliche Unterkunft f\u00fcr alle, die die Route begehen.<\/p><p>Sollten die Busfahrzeiten nicht passen, steht ein Shuttle-Service zur Verf\u00fcgung, um die Unterkunft bequem zu erreichen.<\/p>\t\t\t\t\t\t\t\t<\/div>\n\t\t\t\t<\/div>\n\t\t\t\t\t<\/div>\n\t\t\t\t<\/div>\n\t\t\t\t<\/div>\n\t\t","protected":false},"excerpt":{"rendered":"<p>Rund um uns Die sch\u00f6nsten Erlebnisse ganz in der N\u00e4he des B&#038;B Meer, D\u00f6rfer und Natur Die Insel Elba entdecken Die Insel Elba bewahrt bis heute unber\u00fchrte Naturlandschaften, kristallklares Meer, \u00fcppige W\u00e4lder und ein historisches Erbe, das von den Etruskern bis zur napoleonischen Zeit reicht. Dank der strategischen Lage des B&amp;B Capo al Piano lassen [&hellip;]<\/p>\n","protected":false},"author":2,"featured_media":0,"parent":0,"menu_order":0,"comment_status":"closed","ping_status":"closed","template":"template-homepage.php","meta":{"inline_featured_image":false,"footnotes":""},"class_list":["post-8592","page","type-page","status-publish","hentry"],"_links":{"self":[{"href":"https:\/\/www.capoalpianoelba.it\/de\/wp-json\/wp\/v2\/pages\/8592","targetHints":{"allow":["GET"]}}],"collection":[{"href":"https:\/\/www.capoalpianoelba.it\/de\/wp-json\/wp\/v2\/pages"}],"about":[{"href":"https:\/\/www.capoalpianoelba.it\/de\/wp-json\/wp\/v2\/types\/page"}],"author":[{"embeddable":true,"href":"https:\/\/www.capoalpianoelba.it\/de\/wp-json\/wp\/v2\/users\/2"}],"replies":[{"embeddable":true,"href":"https:\/\/www.capoalpianoelba.it\/de\/wp-json\/wp\/v2\/comments?post=8592"}],"version-history":[{"count":5,"href":"https:\/\/www.capoalpianoelba.it\/de\/wp-json\/wp\/v2\/pages\/8592\/revisions"}],"predecessor-version":[{"id":9143,"href":"https:\/\/www.capoalpianoelba.it\/de\/wp-json\/wp\/v2\/pages\/8592\/revisions\/9143"}],"wp:attachment":[{"href":"https:\/\/www.capoalpianoelba.it\/de\/wp-json\/wp\/v2\/media?parent=8592"}],"curies":[{"name":"wp","href":"https:\/\/api.w.org\/{rel}","templated":true}]}}